{"id":1053,"date":"2016-01-20T16:29:36","date_gmt":"2016-01-20T16:29:36","guid":{"rendered":"http:\/\/www.acct.cat\/repsol-2\/"},"modified":"2016-01-20T16:29:36","modified_gmt":"2016-01-20T16:29:36","slug":"repsol-2","status":"publish","type":"page","link":"https:\/\/www.acct.cat\/es\/repsol-2\/","title":{"rendered":"Repsol"},"content":{"rendered":"<p>El Excmo. y Rvdmo. Dr. Jaume Pujol i Balcells, arzobispo de Tarragona y\u00a0primado, y el Sr. Josep Francesc Font, en representaci\u00f3n de la compa\u00f1\u00eda mercantil Repsol \u00a0Petr\u00f3leo, S.A, signaron el convenio de colaboraci\u00f3n de dos a\u00f1os de duraci\u00f3n\u00a0con el fin de digitalizar\u00a0el fondo musical del Archivo Capitular de la Catedral de Tarragona.<\/p>\n<p>1.- Colecci\u00f3n de manuscritos \u00abobras de autor\u00bb: 1.061 registros.<br \/>\n2.- Colecci\u00f3n de manuscritos \u00abobres an\u00f3nimas\u00bb: 282 registros<\/p>\n<p>&nbsp;<\/p>\n<p><a href=\"http:\/\/acct.wp.arqtgn.cat\/wp-content\/uploads\/sites\/23\/2016\/01\/Repsol-logo-logotype.png\" rel=\"attachment wp-att-646\"><img loading=\"lazy\" decoding=\"async\" class=\"aligncenter size-medium wp-image-646\" src=\"http:\/\/acct.wp.arqtgn.cat\/wp-content\/uploads\/sites\/23\/2016\/01\/Repsol-logo-logotype-300x225.png\" alt=\"Repsol-logo-logotype\" width=\"300\" height=\"225\" srcset=\"https:\/\/www.acct.cat\/wp-content\/uploads\/sites\/23\/2016\/01\/Repsol-logo-logotype-300x225.png 300w, https:\/\/www.acct.cat\/wp-content\/uploads\/sites\/23\/2016\/01\/Repsol-logo-logotype-768x576.png 768w, https:\/\/www.acct.cat\/wp-content\/uploads\/sites\/23\/2016\/01\/Repsol-logo-logotype-1024x768.png 1024w\" sizes=\"auto, (max-width: 300px) 100vw, 300px\" \/><\/a><\/p>\n","protected":false},"excerpt":{"rendered":"<p>El Excmo. y Rvdmo. Dr. Jaume Pujol i Balcells, arzobispo de Tarragona y\u00a0primado, y el Sr. Josep Francesc Font, en representaci\u00f3n de la compa\u00f1\u00eda mercantil Repsol \u00a0Petr\u00f3leo, S.A, signaron el convenio de colaboraci\u00f3n de dos a\u00f1os de duraci\u00f3n\u00a0con el fin de digitalizar\u00a0el fondo musical del Archivo Capitular de la Catedral&#8230;<\/p>\n","protected":false},"author":23,"featured_media":0,"parent":0,"menu_order":0,"comment_status":"closed","ping_status":"closed","template":"","meta":{"footnotes":""},"class_list":["post-1053","page","type-page","status-publish","hentry"],"_links":{"self":[{"href":"https:\/\/www.acct.cat\/es\/wp-json\/wp\/v2\/pages\/1053","targetHints":{"allow":["GET"]}}],"collection":[{"href":"https:\/\/www.acct.cat\/es\/wp-json\/wp\/v2\/pages"}],"about":[{"href":"https:\/\/www.acct.cat\/es\/wp-json\/wp\/v2\/types\/page"}],"author":[{"embeddable":true,"href":"https:\/\/www.acct.cat\/es\/wp-json\/wp\/v2\/users\/23"}],"replies":[{"embeddable":true,"href":"https:\/\/www.acct.cat\/es\/wp-json\/wp\/v2\/comments?post=1053"}],"version-history":[{"count":0,"href":"https:\/\/www.acct.cat\/es\/wp-json\/wp\/v2\/pages\/1053\/revisions"}],"wp:attachment":[{"href":"https:\/\/www.acct.cat\/es\/wp-json\/wp\/v2\/media?parent=1053"}],"curies":[{"name":"wp","href":"https:\/\/api.w.org\/{rel}","templated":true}]}}